{"id":14169,"date":"2017-12-17T20:02:01","date_gmt":"2017-12-17T20:02:01","guid":{"rendered":"http:\/\/yogakitchen.be\/fr\/?page_id=14169"},"modified":"2017-12-17T20:02:01","modified_gmt":"2017-12-17T20:02:01","slug":"bio-peter-verhaegen","status":"publish","type":"page","link":"https:\/\/yogakitchen.be\/fr\/bio-peter-verhaegen\/","title":{"rendered":"Biographie Peter Verhaegen"},"content":{"rendered":"<h3>L&rsquo;alimentation et moi<\/h3>\n<p><a href=\"http:\/\/yogakitchen.be\/fr\/wp-content\/uploads\/sites\/3\/2013\/08\/IMGP3274BSelfSq_ss72.jpg\"><img loading=\"lazy\" decoding=\"async\" class=\" size-medium wp-image-14167 alignleft\" src=\"http:\/\/yogakitchen.be\/fr\/wp-content\/uploads\/sites\/3\/2013\/08\/IMGP3274BSelfSq_ss72-300x300.jpg\" alt=\"Photo de Peter Verhaegen, fondateur et professeur de yoga chez Yoga Kitchen\" width=\"300\" height=\"300\" srcset=\"https:\/\/yogakitchen.be\/fr\/wp-content\/uploads\/sites\/3\/2013\/08\/IMGP3274BSelfSq_ss72-300x300.jpg 300w, https:\/\/yogakitchen.be\/fr\/wp-content\/uploads\/sites\/3\/2013\/08\/IMGP3274BSelfSq_ss72-150x150.jpg 150w, https:\/\/yogakitchen.be\/fr\/wp-content\/uploads\/sites\/3\/2013\/08\/IMGP3274BSelfSq_ss72.jpg 450w\" sizes=\"auto, (max-width: 300px) 100vw, 300px\" \/><\/a>En tant qu&rsquo;enfant j&rsquo;ai toujours eu une grande affinit\u00e9 avec les animaux et les plantes. Je voulais \u00e9tudier la biologie mais finalement j&rsquo;ai obtenu un dipl\u00f4me d&rsquo;ing\u00e9nieur agronome. A l&rsquo;universit\u00e9 au milieu des ann\u00e9es 80 du si\u00e8cle pr\u00e9cedent, les mots d&rsquo;un professeur d&rsquo;\u00e9cologie me sont rest\u00e9s grav\u00e9s dans le cerveau pour toute ma vie. Il nous d\u00e9montrait comment la production de viande \u00e9tait gaspilleuse et d\u00e9sastreuse pour l&rsquo;environnement. C&rsquo;\u00e9tait flagrant, mais avec son discours \u00e0 l&rsquo;\u00e9poque, il \u00e9tait plut\u00f4t en dehors des discours universitaires classiques. Dans la plupart des cours on ne parlait que de rentabilit\u00e9, de chiffres de production et de profit. Certains professeurs, comme celui qui enseignait le cours d&rsquo;\u00e9levage de b\u00e9tail, racontaient parfois les pires conneries, telles que: \u201cManger de la viande, il le faut pour soutenir votre virilit\u00e9\u201d en r\u00e9ponse \u00e0 une rare question critique d&rsquo;un \u00e9tudiant. Et dire que celle-ci n&rsquo;\u00e9tait encore de loin la th\u00e8se la plus stupide.<br \/>\nLes universit\u00e9s des sciences appliqu\u00e9es sont des domaines o\u00f9 seul le mental r\u00e8gne, et o\u00f9 on se pose en g\u00e9n\u00e9ral pas ou tr\u00e8s peu de questions \u00e9thiques ou morales, et o\u00f9 on ne consulte jamais la sagesse du coeur. Moi non plus d&rsquo;ailleurs, noy\u00e9 comme j&rsquo;\u00e9tais dans un oc\u00e9an d&rsquo;inconscience qui est souvent typique de beaucoup de gens dans leur jeunesse.<\/p>\n<p>La cuisine est venue toute seule. Peut-\u00eatre parce que en tant qu&rsquo;enfant \u00e0 l&rsquo;\u00e9cole primaire, \u00e0 midi je devais chercher mes petits fr\u00e8res et soeur \u00e0 midi de l&rsquo;\u00e9cole maternelle puis allumer le feu sous les casseroles en attendant ma m\u00e8re, qui rentrait plus tard. Parfois elle rentrait plus tard que pr\u00e9vu et de cette mani\u00e8re j&rsquo;apprenais combien de temps les pommes de terre et les l\u00e9gumes devaient cuire avant d&rsquo;\u00eatre pr\u00eats. Dans notre famille au sens plus large,, une grande partie de la vie sociale se passait au tour de la table. Quand des amis de nos parents nous visitaient o\u00f9 \u00e0 l&rsquo;occasion des f\u00eates familiales, c&rsquo;\u00e9tait l&rsquo;habitude de rester \u00e0 table pendant des heures pour des diners copieux de plats traditionnels pr\u00e9par\u00e9s avec soin. C&rsquo;\u00e9tait plut\u00f4t l&rsquo;habitude en Belgique avec sa culture culinaire \u00e9picuriste assez bourguignonne. Ma m\u00e8re \u00e9tait et est toujours un vrai g\u00e9nie culinaire et sa soeur, qui s&rsquo;\u00e9tait form\u00e9e en France chez des chefs de grande renomm\u00e9e en s&rsquo;appropriant la culture culinaire traditionelle Fran\u00e7aise haute en viandes, poissons et cr\u00e8me, avait \u00e9galement un \u00e9norme talent \u00e0 ce niveau.<\/p>\n<p>Moi-m\u00eame je suis de nature pas du tout orient\u00e9 ou dou\u00e9 pour la \u201chaute cuisine\u201d. Manger c&rsquo;est une chose dans la vie, mais dans notre culture on y attache trop d&rsquo;importance. C&rsquo;est double tranchant, en fait. Chez nous, manger est devenu synonyme de s&#8217;empifrer, de garder l&rsquo;estomac rempli \u00e0 longueur de journ\u00e9e, avec les pens\u00e9es ailleurs. \u00cbtre occup\u00e9 soi-m\u00eame avec pr\u00e9sence avec la pr\u00e9paration de sa nourriture, c&rsquo;est quelque chose que nous ne faisons pas assez dans cette soci\u00e9t\u00e9 foir\u00e9e. Combien de fois ne remplit-on pas son caddie en mode zombie avec des crasses fabriqu\u00e9es pas des machines. La philosophie du yoga nous invite \u00e0 <strong>la simplicit\u00e9<\/strong> et \u00e0 <strong>la pleine conscience<\/strong>.<\/p>\n<p>Et puis il y a <strong>les animaux<\/strong>.<\/p>\n<p><strong>Il y a quatre sc\u00e8nes de ma jeunesse qui resteront \u00e0 jamais grav\u00e9es sur ma r\u00e9tine.<\/strong>.<\/p>\n<p>La premi\u00e8re: J&rsquo;avais probablement huit ou neuf ans. Une escapade en famille un dimanche estival, avec arr\u00eat \u00e0 \u201cla commune de Latem\u201d, autrement connu comme le berceau de ce qui est plus tard devenu l&rsquo;entreprise alimentaire Lima. Le sol, l\u00e0-bas \u00e0 Sint-Martens-Latem \u00e9tait sablonneux et poussi\u00e9reux. Mon regard \u00e9tait captur\u00e9 par un groupe de quatre gar\u00e7ons plus ag\u00e9s que moi, qui \u00e9taient en train de jouer au football. Avec un crapaud vivant. Et aucun adulte n&rsquo;a r\u00e9agi. Profond\u00e9ment en moi, quelque chose se d\u00e9chirait. Aujourd&rsquo;hui, avec le recul, je me rends compte que j&rsquo;ai du avoir le profond sentiment que quelque chose \u00e9tait s\u00e9rieusement d\u00e9faillant au niveau de la relation entre les humains et la nature, et les animaux en particulier.<\/p>\n<p>La deuxi\u00e8me: j&rsquo;avais douze ans, et la famille f\u00eatait ma communion solennelle catholique. Apr\u00e8s les nombreux cours il \u00e9tait temps pour le dessert. On m&rsquo;appelait du jardin dans la salle de f\u00eate, car en tant que communiquant je devais <a href=\"http:\/\/yogakitchen.be\/fr\/wp-content\/uploads\/sites\/3\/2013\/08\/SheepLamb_cT72.jpg\"><img loading=\"lazy\" decoding=\"async\" class=\"size-full wp-image-3072 alignleft\" src=\"http:\/\/yogakitchen.be\/fr\/wp-content\/uploads\/sites\/3\/2013\/08\/SheepLamb_cT72.jpg\" alt=\"Une photo d'une m\u00e8re br\u00e9bis et son petit\" width=\"150\" height=\"150\" \/><\/a>couper le g\u00e2teau. Sur un grand plateau rectangulaire il y avait un g\u00e2teau glac\u00e9 blanc comme la neige, et au-dessus tr\u00f4nait un agneau agenouill\u00e9. Un gar\u00e7on me donnait un grand couteau et me faisait comprendre que je devais d\u00e9capiter l&rsquo;agneau, car ainsi le sang, sous forme d&rsquo;un jet de gr\u00e9nadine rouge, coulerait. J&rsquo;ai commenc\u00e9 \u00e0 protester et \u00e0 faire un boucan car je sentais remonter en moi un grand d\u00e9gout pour tant de symbolique meurtri\u00e8re. On m&rsquo;a forc\u00e9 de couper quand-m\u00eame, car je ne pouvais quand-m\u00eame pas g\u00e2cher leur petite f\u00eate, mais je ratais mon coup et il n&rsquo;y avait aucune goutte de sang gr\u00e9nadine.<\/p>\n<p>La troisi\u00e8me: Entre l&rsquo;\u00e2ge de onze et de quatorze ans en tant que jeune explorateur chez les scouts j&rsquo;ai \u00e9t\u00e9 t\u00e9moin dans le cour de notre local d&rsquo;une activit\u00e9, pendant laquelle des explorateurs plus ag\u00e9s, sans doute pour prouver leur courage et leur virilit\u00e9 vis-\u00e0-vis de leurs coll\u00e8gues guides f\u00e9minines, allaient tuer de leur propres mains une poule brune-rouge innocente et sans d\u00e9fence. Je ne dois pas m&rsquo;imaginer comment ils ont finalement tu\u00e9 cette pauvre b\u00eate dans leur stupide maladroitesse, j&rsquo;\u00e9tais incapable de continuer \u00e0 regarder la sc\u00e8ne.<\/p>\n<p>La quatri\u00e8me: C&rsquo;\u00e9tait \u00e0 la fin des ann\u00e9es septante, le cour de mon \u00e9cole secondaire, un institut de J\u00e9suites de grande renomm\u00e9e. C&rsquo;\u00e9tait l&rsquo;\u00e9poque des \u00e9missions de t\u00e9l\u00e9vision \u201cJeux sans fronti\u00e8res\u201d, dans lesquelles des \u00e9quipes en provenance de diff\u00e9rents pays Europ\u00e9ens devaient s&rsquo;affronter dans une s\u00e9rie de jeux relativement idiots.<br \/>\nOn imitait ce jeu \u00e0 la f\u00eate de l&rsquo;\u00e9cole, des \u00e9quipes mixtes d&rsquo;\u00e9l\u00e8ves et de professeurs \u00e9taient en comp\u00e9tition. Dans une des s\u00e9ries, deux seaux se trouvaient \u00e0 une distance d&rsquo;une dizaine de m\u00eatres entre eux. L&rsquo;objectif du jeu: il fallait attrapper et transmettre au plus vite dans l&rsquo;autre seau des anguilles vivantes. Une prof de Fran\u00e7ais, pench\u00e9e au-dessus d&rsquo;un des seaux, est rest\u00e9e p\u00e9trifi\u00e9e sur place, elle ne pouvait pas forcer son coeur pour attrapper les animaux. Elle a gagn\u00e9 \u00e0 jamais ma plus profonde sympathie.<br \/>\nInstinctivement j&rsquo;ai tr\u00e8s t\u00f4t compris, \u00e0 travers toute cette symbolique et ce malmenage avec la vie animali\u00e8re, qu&rsquo;il y avait un terrible fl\u00e9au dans la relation entre l&rsquo;esp\u00e8ce humaine et le royaume animalier en ce monde.<\/p>\n<p>Les premiers quarante ans de ma vie j&rsquo;ai consomm\u00e9 comme tout le monde de la viande, du poisson, des oeufs et des produits laitiers. J&rsquo;\u00e9tais un buveur quotidien de lait de vache brevet\u00e9 et j&rsquo;en \u00e9tais m\u00eame fier! Il y a environ 10 ans, j&rsquo;ai d\u00e9cid\u00e9 d&rsquo;arr\u00eater d&rsquo;abord la viande et ensuite le poisson. Je ne trouvais plus aucun argument rationnel ou sens\u00e9 pour continuer avec \u00e7a et je suis devenu un ovo-lacto-v\u00e9g\u00e9tarien, donc une personne qui mange principalement du v\u00e9g\u00e9tal avec des oeufs et des produits laitiers.<\/p>\n<p>Dans le courant du mois d&rsquo;avril de 2012 une chose extraordinaire s&rsquo;est produite pendant une m\u00e9ditation respiratoire guid\u00e9e. J&rsquo;\u00e9tais allong\u00e9 parterre et tout d&rsquo;un coup j&rsquo;avais le sentiment qu&rsquo;une liaison se cr\u00e9ait, comme si des racines poussaient de mon coeur \u00e0 travers ma colonne vert\u00e9brale dans le sol. J&rsquo;\u00e9tais boulevers\u00e9 par une vague d&rsquo;\u00e9motion, c&rsquo;\u00e9tait tellement profond, comme si j&rsquo;\u00e9tais pendant une fraction de seconde connect\u00e9 avec tout le chagrin de la plan\u00e8te et toutes les cr\u00e9atures vivantes, plantes et animaux, toute la souffrance de toutes les autres esp\u00e8ces terriennes qui soupirent sous l&rsquo;h\u00e9g\u00e9monie d&rsquo;une race humaine d\u00e9raill\u00e9e. Je crois qu&rsquo;\u00e0 ce moment-l\u00e0, mon coeur s&rsquo;est ouvert, ou que de toute mani\u00e8re je suis rentr\u00e9 en contact intense et direct avec le champ d&rsquo;\u00e9nergie de mon coeur. Une connexion \u00e9tait \u00e9tablie. La merveille de la respiration.<\/p>\n<p>Toutefois, il a encore dur\u00e9 trois mois avant que j&rsquo;ai franchi le pas vers la vie d&rsquo;un v\u00e9g\u00e9talien, d&rsquo;abord avec un peu de plomb dans les chaussures, comme un exp\u00e9riment temporaire car j&rsquo;\u00e9tais comme beaucoup de gens impregn\u00e9 de la croyance, qu&rsquo;une fois que je me priverais des prot\u00e9ines d&rsquo;origine animali\u00e8re, la chair sur mes os fondrait lentement. Je peux vous assurer, aujourd&rsquo;hui, que c&rsquo;est un mythe, la xi\u00e8me. Maintenant que je remarque que j&rsquo;ai v\u00e9cu en tant que v\u00e9g\u00e9talien en tr\u00e8s bonne sant\u00e9 pendant cette derni\u00e8re ann\u00e9e, je le trouve compl\u00e8tement absurde qu&rsquo;un seul animal encore devrait \u00eatre exploit\u00e9 ou priv\u00e9 de sa vie pour me ravitailler en nourriture ou autre produit. Plus que je lis et que je m&rsquo;informe sur les conditions dans lesquelles les animaux de ferme sont oblig\u00e9s d&rsquo;exister et de mourir, plus haut s&rsquo;\u00e9l\u00e8ve la flamme de ma motivation pour le partager avec d&rsquo;autres personnes, pour cr\u00e9er de la conscience et pour les inspirer \u00e0 faire eux aussi la transition vers un r\u00e9gime alimentaire durable, libre de produits animaliers. Entretemps, j&rsquo;ai pass\u00e9 le cap de la cinquantaine, et je crois avoir trouv\u00e9 un but dans lequel je veux d\u00e9penser le reste de mon \u00e9nergie vitale, et autour duquel mon c\u0153ur et mon mental sont parfaitement d&rsquo;accord.<\/p>\n<p>O\u00f9 j&rsquo;en suis aujourd&rsquo;hui avec ma philosophie par rapport \u00e0 l&rsquo;alimentation vous pourrez lire \u00e0 la page concernant <strong>la philosophie alimentaire de Yoga Kitchen<\/strong>.<\/p>\n<h3>Le yoga et moi \u2013 les bases (2003 \u2013 2013)<\/h3>\n<p>Je n&rsquo;\u00e9tais pas du tout un enfant sportif. L&rsquo;aspect comp\u00e9titif de tous les soi-disants sports d&rsquo;\u00e9quipe, o\u00f9 le but c&rsquo;est de faire mordre dans le sable ou d&rsquo;\u00e9craser l&rsquo;adversaire m&rsquo;a toujours d\u00e9motiv\u00e9. Je n&rsquo;aimais pas du tout les cours de gym \u00e0 l&rsquo;\u00e9cole, \u00e0 part le gymnastique su\u00e9dois qui me charmait mais qui d\u00e9goutait les autres \u00e9l\u00e8ves de ma classe.<br \/>\nPendant les ann\u00e9es quatre-vingts j&rsquo;\u00e9tais fascin\u00e9 par les sessions de \u201cGym Tonic\u201d pendant l&rsquo;heure de midi sur l&rsquo;une des cha\u00eenes fran\u00e7aises, par deux dames fran\u00e7aises fort bavardes. A la maison on se moquait bien de moi pour cette raison. C&rsquo;\u00e9tait aussi l&rsquo;\u00e9poque de Jane Fonda et l&rsquo;aerobic. Une fois quitt\u00e9 la maison de mes parents, j&rsquo;allais suivre des cours d&rsquo;aerobic dans ma ville natale et j&rsquo;\u00e9tais content d&rsquo;avoir trouv\u00e9 une discipline sportive o\u00f9 il n&rsquo;y avait pas d&rsquo;hi\u00e9rarchie dominante et o\u00f9 il ne fallait pas an\u00e9antir un adversaire. En 1996 je me suis procur\u00e9 mon premier livre sur la m\u00e9thode de Yoga Iyengar o\u00f9 j&rsquo;\u00e9tais fascin\u00e9 par les images, mais le livre est rest\u00e9 au ch\u00f4mage sur mon \u00e9tag\u00e8re pendant des ann\u00e9es.<\/p>\n<p>Jusqu&rsquo;au moment, en 2003, pendant un de mes diff\u00e9rents jobs comme employ\u00e9 de bureau, o\u00f9 je ne devais utiliser rien que mon cerveau et o\u00f9 j&rsquo;\u00e9tais pratiquement clou\u00e9 sur ma chaise toute la journ\u00e9e, des cours de yoga pendant l&rsquo;heure de table \u00e9taient offerts par <strong>H\u00e9l\u00e8ne Petre<\/strong>. Le choix entre un repas ou un cours n&rsquo;\u00e9tait pas simple, mais j&rsquo;\u00e9tais \u00e9tonn\u00e9 de voir dans quelle r\u00e9serve d&rsquo;\u00e9nergie je pouvais puiser pour l&rsquo;apr\u00e8s-midi apr\u00e8s ces simples exercices de yoga.<br \/>\nDepuis j&rsquo;ai toujours continu\u00e9 \u00e0 pratiquer le yoga, d&rsquo;abord le Hatha Yoga, puis le Kundalini Yoga chez des professeurs tels que <strong>Christophe Degraeuwe <\/strong>(Sat Darshan Singh) et <strong>Carlos Arandia<\/strong> (Sat Sunder Singh). J&rsquo;ai commenc\u00e9 \u00e0 explorer d&rsquo;autres disciplines de yoga et par le biais d&rsquo;une s\u00e9rie d&rsquo;ateliers organis\u00e9s par <strong>Nicole Couloubaritsis<\/strong> \u00e0 Bruxelles je suis finalement arriv\u00e9 en 2012 au Prana Yoga Flow d&rsquo;<strong>Alberto Paganini<\/strong> \u00e0 Bruges, qui m&rsquo;a d\u00e9finitivement donn\u00e9 une base solide pour enseigner. La philosophie de l&rsquo;abstinence de violence de la voie du yoga m&rsquo;a captiv\u00e9. J&rsquo;avais le sentiment d&rsquo;avoir trouv\u00e9 un mod\u00e8le selon lequel je voulais me situer et \u00e9voluer dans le monde. Je veux aussi mentionner le travail incroyable de <strong>Isabelle Vers\u00e9 <\/strong>autour de la Respiration Transformatrice, qui continue \u00e0 m&rsquo;inspirer. Et finalement, le z\u00e8le et l&rsquo;esprit d&rsquo;entreprise de <strong>Manon Weimar<\/strong> en Hollande m&rsquo;ont servi d&rsquo;exemples motivateurs.<\/p>\n<p>Ma formation de yoga est toujours en cours et continuera sans doute encore pour toute ma vie.<br \/>\nMes exp\u00e9riences dans la formation et la pr\u00e9sentation devant des groupes de personnes dans le monde professionnel sont un atout important, ainsi que mon exp\u00e9rience avec le coaching individuel.<\/p>\n<h3>Les \u00e9volution r\u00e9centes au niveau du yoga (2015 \u2013 2018)<\/h3>\n<p><strong>Yin yoga approfondissement<\/strong><br \/>\nBien que la formation de base chez Alberto Paganini m&rsquo;ait d\u00e9j\u00e0 donn\u00e9 une connaissance raisonnable dans la nature et la sp\u00e9cificit\u00e9 du <strong>Yin yoga<\/strong>, j&rsquo;ai particip\u00e9 en mars 2015 et en avril 2016 aux deux premi\u00e8res modules (un total de 50 heures) de la formation de <strong>Joe Barnett<\/strong>. Joe Barnett c&rsquo;est l&rsquo;assistant direct de <strong>Paul Grilley<\/strong>, le fondateur am\u00e9ricain du Yin yoga. J&rsquo;ai v\u00e9cu la premi\u00e8re module comme innovateur et transformateur au niveau de la conscience des aspects anatomiques du yoga. Vraiment \u00e0 conseiller pour tout instructeur de yoga. Joe enseigne avec g\u00e9n\u00e9rosit\u00e9 en un grand sens de l&rsquo;humour et r\u00e9ussit \u00e0 rendre tous les aspects des \u201cvariations physionomiques\u201d clairs et nets de mani\u00e8re \u00e0 la fois visuelle et tangible.<\/p>\n<p><strong>Le yoga \u00e0 fins th\u00e9rapeutiques<\/strong><br \/>\nA partir de fin 2015 j&rsquo;ai fait pour la premi\u00e8re fois la rencontre de <strong>Marc Beuvain<\/strong>, et dans le courant de l&rsquo;an 2016 j&rsquo;ai suivi son cycle de formation <strong>Le Yoga th\u00e9rapeutique<\/strong> \u00e0 Bruxelles, qui comportait 11 jours complets au total. Marc est un formateur passionn\u00e9 et tr\u00e8s didactique qui enseigne avec une pr\u00e9cision structurelle presque microscopique. Il est un cas \u00e0 part das le monde du yoga. Ce qui \u00e9tait fort fascinant, c&rsquo;est que ses enseignements sont d&rsquo;une part fond\u00e9s dans sa connaissance approfondie et tr\u00e8s \u00e9rudite de textes anciens sur le yoga, des textes qui pr\u00e9c\u00e8dent tout ce qui est de nos jours g\u00e9n\u00e9ralement cit\u00e9 comme \u201cles\u201d sources du <strong>neo-yoga<\/strong> . Et d&rsquo;autre part il d\u00e9cortique le yoga et plusieurs mythes du yoga de leur inflation, de leurs st\u00e9r\u00e9otypes \u00e9rod\u00e9s et de tous les aspects qui ne sont pas pertinents pour notre culture occidentale contemporaine. Son cycle de 11 jours autour de la th\u00e9rapie par le yoga s&rsquo;est av\u00e9r\u00e9 par cons\u00e9quent tr\u00e8s \u201cterre \u00e0 terre\u201d et absolument indispensable pour les professeurs qui veulent plus de conscience et de libert\u00e9 d&rsquo;action quand ils sont confront\u00e9s \u00e0 des clients ou des \u00e9tudiants du yoga qui do\u00eevent faire face \u00e0 des blessures ou autres situations corporelles sp\u00e9cifiques.<\/p>\n<p><strong>Le pranayama<\/strong><br \/>\nEn 2017 j&rsquo;ai suivi la formation de deux jours sur le pranayama, \u00e9galement chez Marc Beuvain.<\/p>\n<p><strong>L&rsquo;intuition appliqu\u00e9e<\/strong><br \/>\nFin 2017 j&rsquo;ai entam\u00e9 la premi\u00e8re ann\u00e9e de la formation en \u201cIntuition appliqu\u00e9e\u201d \u00e0 Haarlem, au Pays-Bas, dans l&rsquo;Institut pour l&rsquo;intuition appliqu\u00e9e (Instituut voor Effectieve Intu\u00eftie) de Carolina Bont. Mis \u00e0 part l&rsquo;objectif personnel que je poursuis avec cette formation, il est mon intention d&rsquo;int\u00e9grer \u00e0 partir de cette formation les aspects plus subtils et \u00e9nerg\u00e9tiques du <strong>syst\u00e8me des chakra<\/strong> dans les cours de yoga dans un futur proche.<\/p>\n<p>Peter Verhaegen, d\u00e9cembre 2017, Bruxelles.<\/p>\n","protected":false},"excerpt":{"rendered":"<p>L&rsquo;alimentation et moi En tant qu&rsquo;enfant j&rsquo;ai toujours eu une grande affinit\u00e9 avec les animaux et les plantes. Je voulais \u00e9tudier la biologie mais finalement j&rsquo;ai obtenu un dipl\u00f4me d&rsquo;ing\u00e9nieur agronome. A l&rsquo;universit\u00e9 au milieu des ann\u00e9es 80 du si\u00e8cle pr\u00e9cedent, les mots d&rsquo;un professeur d&rsquo;\u00e9cologie me sont rest\u00e9s grav\u00e9s dans le cerveau pour toute &hellip; <a href=\"https:\/\/yogakitchen.be\/fr\/bio-peter-verhaegen\/\" class=\"more-link\">Continuer la lecture de <span class=\"screen-reader-text\">Biographie Peter Verhaegen<\/span> <span class=\"meta-nav\">&rarr;<\/span><\/a><\/p>\n","protected":false},"author":1,"featured_media":0,"parent":0,"menu_order":0,"comment_status":"closed","ping_status":"closed","template":"","meta":{"footnotes":""},"class_list":["post-14169","page","type-page","status-publish","hentry"],"_links":{"self":[{"href":"https:\/\/yogakitchen.be\/fr\/wp-json\/wp\/v2\/pages\/14169","targetHints":{"allow":["GET"]}}],"collection":[{"href":"https:\/\/yogakitchen.be\/fr\/wp-json\/wp\/v2\/pages"}],"about":[{"href":"https:\/\/yogakitchen.be\/fr\/wp-json\/wp\/v2\/types\/page"}],"author":[{"embeddable":true,"href":"https:\/\/yogakitchen.be\/fr\/wp-json\/wp\/v2\/users\/1"}],"replies":[{"embeddable":true,"href":"https:\/\/yogakitchen.be\/fr\/wp-json\/wp\/v2\/comments?post=14169"}],"version-history":[{"count":1,"href":"https:\/\/yogakitchen.be\/fr\/wp-json\/wp\/v2\/pages\/14169\/revisions"}],"predecessor-version":[{"id":14170,"href":"https:\/\/yogakitchen.be\/fr\/wp-json\/wp\/v2\/pages\/14169\/revisions\/14170"}],"wp:attachment":[{"href":"https:\/\/yogakitchen.be\/fr\/wp-json\/wp\/v2\/media?parent=14169"}],"curies":[{"name":"wp","href":"https:\/\/api.w.org\/{rel}","templated":true}]}}