{"id":17247,"date":"2021-10-27T16:23:30","date_gmt":"2021-10-27T14:23:30","guid":{"rendered":"https:\/\/yogakitchen.be\/fr\/?page_id=17247"},"modified":"2026-03-04T14:25:20","modified_gmt":"2026-03-04T13:25:20","slug":"yoga-du-dos","status":"publish","type":"page","link":"https:\/\/yogakitchen.be\/fr\/cours-de-yoga\/yoga-du-dos\/","title":{"rendered":"Yoga du dos"},"content":{"rendered":"<h1>Le Yoga du dos pour renforcer et gu\u00e9rir votre dos<\/h1>\n<blockquote><p>Avez-vous parfois des probl\u00e8mes de dos, un dos douloureux ou faible ?<br \/>\nPensez-vous que la qualit\u00e9 de votre vie s&rsquo;am\u00e9liorera si vous am\u00e9liorez la sant\u00e9 de votre dos ?<br \/>\nVoulez-vous y travailler vous-m\u00eame ?<br \/>\nAlors le <strong>Yoga du dos<\/strong> est exactement ce qu&rsquo;il vous faut.<\/p><\/blockquote>\n<p>Avec une attention concentr\u00e9e, une respiration consciente et des postures et exercices appropri\u00e9s pour renforcer le dos, vous vous construisez une meilleure sant\u00e9, plus de force et de flexibilit\u00e9.<br \/>\nPour une meilleure circulation de l&rsquo;\u00e9nergie dans le corps et la paix au niveau du mental.<br \/>\nLes postures et les mouvements sont issus de la riche tradition du yoga et sont compl\u00e9t\u00e9s par d&rsquo;autres exercices appropri\u00e9s pour le dos.<br \/>\n<strong>Continuez votre lecture ci-dessous pour en savoir plus sur le Yoga du dos.<\/strong><\/p>\n<div class=\"yk-yogalessen\">\n<div class=\"yk-yogalestypesmall\">\n<h2>Yoga du dos\u00a0\u00e0 Schaerbeek<\/h2>\n<p>Cours collectifs<br \/>\n<strong>Vendredi soir<\/strong>\u00a0de 19.00 h \u00e0 20.00 h<\/p>\n<\/div>\n<h2>Prochain cours de Yoga pour le dos<\/h2>\n<h3>Cliquez sur les liens bleus pour acc\u00e9der aux informations d\u00e9taill\u00e9es et pour voir le lieu.<\/h3>\n<div class=\"yk-inline-kalender\"><div class=\"em em-view-container\" id=\"em-view-1112051454\" data-view=\"list-grouped\">\r\n\t<div class=\"em-list em-events-list em-events-list-grouped\" id=\"em-events-list-grouped-1112051454\">\r\n\t<h2>Mai 2026<\/h2><!-- START HEADER -->\r\n<table cellpadding=\"5\" cellspacing=\"0\" width=\"100%\" id=\"current-events\" >\r\n\t<thead>\r\n\t\t<tr>\r\n\t\t\t<th id=\"event-time\" width=\"180\">Date\/Heure<\/th>\r\n\t\t\t<th id=\"event-description\" width=\"*\">Cours\/Atelier<\/th>\r\n\t\t<\/tr>\r\n\t<\/thead>\r\n<tbody>\r\n<!-- END HEADER --><!-- START SINGLE FORMAT -->\r\n\t<tr>\r\n\t\t<td>\r\n\t\t\t<strong>01\/05\/2026<\/strong> | <i>19:00 - 20:00<\/i>\r\n\t\t<\/td>\r\n\t\t<td>\r\n\t\t\t<strong><a href=\"https:\/\/yogakitchen.be\/fr\/events\/yoga-du-dos-vendredi-6-2026-01-09-2026-01-16-2026-01-23-2026-01-30-2026-02-06-2026-02-13-2026-02-20-2026-02-27-2026-03-06-2026-03-13-2026-03-20-2026-03-27-2026-04-03-2026-04-10-2026-04-1-24-2026-05-01\/\">Yoga du dos vendredi<\/a><\/strong>\r\n\t\t\t, <i>Yoga Kitchen, Schaerbeek <\/i>\r\n\t\t<\/td>\r\n\t<\/tr>\r\n<!-- END SINGLE FORMAT --><!-- START SINGLE FORMAT -->\r\n\t<tr>\r\n\t\t<td>\r\n\t\t\t<strong>08\/05\/2026<\/strong> | <i>19:00 - 20:00<\/i>\r\n\t\t<\/td>\r\n\t\t<td>\r\n\t\t\t<strong><a href=\"https:\/\/yogakitchen.be\/fr\/events\/yoga-du-dos-vendredi-6-2026-01-09-2026-01-16-2026-01-23-2026-01-30-2026-02-06-2026-02-13-2026-02-20-2026-02-27-2026-03-06-2026-03-13-2026-03-20-2026-03-27-2026-04-03-2026-04-10-2026-04-1-01-2026-05-08\/\">Yoga du dos vendredi<\/a><\/strong>\r\n\t\t\t, <i>Yoga Kitchen, Schaerbeek <\/i>\r\n\t\t<\/td>\r\n\t<\/tr>\r\n<!-- END SINGLE FORMAT --><!-- START SINGLE FORMAT -->\r\n\t<tr>\r\n\t\t<td>\r\n\t\t\t<strong>15\/05\/2026<\/strong> | <i>19:00 - 20:00<\/i>\r\n\t\t<\/td>\r\n\t\t<td>\r\n\t\t\t<strong><a href=\"https:\/\/yogakitchen.be\/fr\/events\/yoga-du-dos-vendredi-6-2026-01-09-2026-01-16-2026-01-23-2026-01-30-2026-02-06-2026-02-13-2026-02-20-2026-02-27-2026-03-06-2026-03-13-2026-03-20-2026-03-27-2026-04-03-2026-04-10-2026-04-1-08-2026-05-15\/\">Yoga du dos vendredi<\/a><\/strong>\r\n\t\t\t, <i>Yoga Kitchen, Schaerbeek <\/i>\r\n\t\t<\/td>\r\n\t<\/tr>\r\n<!-- END SINGLE FORMAT --><!-- START SINGLE FORMAT -->\r\n\t<tr>\r\n\t\t<td>\r\n\t\t\t<strong>22\/05\/2026<\/strong> | <i>19:00 - 20:00<\/i>\r\n\t\t<\/td>\r\n\t\t<td>\r\n\t\t\t<strong><a href=\"https:\/\/yogakitchen.be\/fr\/events\/yoga-du-dos-vendredi-6-2026-01-09-2026-01-16-2026-01-23-2026-01-30-2026-02-06-2026-02-13-2026-02-20-2026-02-27-2026-03-06-2026-03-13-2026-03-20-2026-03-27-2026-04-03-2026-04-10-2026-04-1-15-2026-05-22\/\">Yoga du dos vendredi<\/a><\/strong>\r\n\t\t\t, <i>Yoga Kitchen, Schaerbeek <\/i>\r\n\t\t<\/td>\r\n\t<\/tr>\r\n<!-- END SINGLE FORMAT --><!-- START SINGLE FORMAT -->\r\n\t<tr>\r\n\t\t<td>\r\n\t\t\t<strong>29\/05\/2026<\/strong> | <i>19:00 - 20:00<\/i>\r\n\t\t<\/td>\r\n\t\t<td>\r\n\t\t\t<strong><a href=\"https:\/\/yogakitchen.be\/fr\/events\/yoga-du-dos-vendredi-6-2026-01-09-2026-01-16-2026-01-23-2026-01-30-2026-02-06-2026-02-13-2026-02-20-2026-02-27-2026-03-06-2026-03-13-2026-03-20-2026-03-27-2026-04-03-2026-04-10-2026-04-1-22-2026-05-29\/\">Yoga du dos vendredi<\/a><\/strong>\r\n\t\t\t, <i>Yoga Kitchen, Schaerbeek <\/i>\r\n\t\t<\/td>\r\n\t<\/tr>\r\n<!-- END SINGLE FORMAT --><!-- START FOOTER -->\r\n\t<\/tbody>\r\n<\/table>\r\n<!-- END FOOTER --><div class=\"em-pagination em-ajax\" data-em-ajax=\"id=1112051454&amp;limit=5&amp;category=99&amp;action=search_events\"> <span class=\"page-numbers current\">1<\/span> <a class=\"page-numbers\" href=\"\/fr\/wp-json\/wp\/v2\/pages\/17247?pno=2\" title=\"2\">2<\/a>  <a class=\"next page-numbers\" href=\"\/fr\/wp-json\/wp\/v2\/pages\/17247?pno=2\" title=\"2\">&gt;<\/a>  <\/div>\t<\/div>\r\n<\/div><\/div>\n<p style=\"text-align: left;\"><a class=\"yk-blue_btn\" title=\"Nos Prix\" href=\"https:\/\/yogakitchen.be\/fr\/nos-prix\/\">Nos prix<\/a><\/p>\n<p><a href=\"https:\/\/yogakitchen.be\/fr\/wp-content\/uploads\/sites\/3\/2021\/10\/IMGP7180TwistedMHeart_AlevRc_1200_530.jpg\"><img loading=\"lazy\" decoding=\"async\" class=\"aligncenter size-full wp-image-17248\" src=\"https:\/\/yogakitchen.be\/fr\/wp-content\/uploads\/sites\/3\/2021\/10\/IMGP7180TwistedMHeart_AlevRc_1200_530.jpg\" alt=\"Posture de torsion au sol\" width=\"1200\" height=\"530\" srcset=\"https:\/\/yogakitchen.be\/fr\/wp-content\/uploads\/sites\/3\/2021\/10\/IMGP7180TwistedMHeart_AlevRc_1200_530.jpg 1200w, https:\/\/yogakitchen.be\/fr\/wp-content\/uploads\/sites\/3\/2021\/10\/IMGP7180TwistedMHeart_AlevRc_1200_530-300x133.jpg 300w, https:\/\/yogakitchen.be\/fr\/wp-content\/uploads\/sites\/3\/2021\/10\/IMGP7180TwistedMHeart_AlevRc_1200_530-768x339.jpg 768w, https:\/\/yogakitchen.be\/fr\/wp-content\/uploads\/sites\/3\/2021\/10\/IMGP7180TwistedMHeart_AlevRc_1200_530-1024x452.jpg 1024w\" sizes=\"auto, (max-width: 1200px) 100vw, 1200px\" \/><\/a><\/p>\n<div class=\"yk-hoebetalen\">\n<h2>Yoga pour le dos<\/h2>\n<p>La colonne vert\u00e9brale est la structure centrale de notre corps physique.<br \/>\nLes maux de dos ont donc un impact profond sur nos vies.<br \/>\nCe yoga vise \u00e0 soutenir, restaurer et am\u00e9liorer la sant\u00e9 du dos et de la colonne vert\u00e9brale. Ce cours s&rsquo;adresse \u00e0 toute personne qui souhaite conserver un dos sans douleur, sain et fort, tout au long de sa vie.<br \/>\n<strong>Avec les cours de yoga du dos, vous aurez les cl\u00e9s pour remettre votre dos en pleine forme.<\/strong>.<\/p>\n<h3>La pr\u00e9sence mentale<\/h3>\n<p>Rester mentalement pr\u00e9sent pendant la pratique du yoga est probablement la t\u00e2che qui demande le plus d\u2019effort. Pourtant, elle est essentielle \u00e0 la pratique du yoga.<br \/>\nLorsque l&rsquo;on souffre de probl\u00e8mes de dos, on est parfois confront\u00e9 au fait que l&rsquo;on accorde peu d&rsquo;attention et que l&rsquo;on n&rsquo;est pas en contact avec son corps, et plus particuli\u00e8rement avec son dos.<br \/>\nEn concentrant notre attention, nous prenons conscience de notre dos et de la fa\u00e7on dont nous le g\u00e9rons pendant et en dehors des cours.<\/p>\n<h3>La respiration<\/h3>\n<p>En Yoga du dos, nous travaillons \u00e9galement continuellement avec <strong>la respiration oc\u00e9anique ou ujjayi.<\/strong><br \/>\nNotre respiration est pour ainsi dire le guide et la force motrice. Comme chacun respire de fa\u00e7on diff\u00e9rente, il y a des moments o\u00f9 les participants travaillent \u00e0 leur propre rythme.<br \/>\nDans le contexte du dos, une bonne respiration est cruciale. Apr\u00e8s tout, une respiration trop superficielle et incompl\u00e8te peut entra\u00eener des tensions et des blocages d&rsquo;\u00e9nergie dans le dos comme dans tout le corps.<\/p>\n<h3>La posture<\/h3>\n<p>Le yoga du dos couvre <strong>les quatre plus importantes des six fonctions du yoga physique<\/strong>. L&rsquo;outil permettant de soutenir et de renforcer ces fonctions est la posture de yoga ou asana.<br \/>\nLes mouvements et postures sont issus des centaines de postures de yoga d\u00e9crites. Des postures dynamiques (en mouvement) alternent avec des moments statiques.<br \/>\nCeux-ci sont compl\u00e9t\u00e9s par des exercices adapt\u00e9s provenant d&rsquo;autres disciplines.<br \/>\nLa s\u00e9rie comprend des postures debout, assises et couch\u00e9es. Certaines outils telles que des chaises, des blocs, des ceintures, par exemple, sont disponibles. Cela permet de soutenir notre pratique du yoga et de l&rsquo;adapter aux possibilit\u00e9s physiques individuelles.<\/p>\n<p>Petit \u00e0 petit, nous reprenons la ma\u00eetrise de notre dos et retrouvons la confiance que nous avons parfois perdue \u00e0 cause de notre mode de vie contemporain.<br \/>\n<a href=\"https:\/\/yogakitchen.be\/fr\/wp-content\/uploads\/sites\/3\/2023\/10\/IMGP7165Tiger_AlevRc_1200_530.jpg\"><img loading=\"lazy\" decoding=\"async\" src=\"https:\/\/yogakitchen.be\/fr\/wp-content\/uploads\/sites\/3\/2023\/10\/IMGP7165Tiger_AlevRc_1200_530.jpg\" alt=\"P\u00b2hoto d&#039;une posture de yoga pour le dos\" width=\"1200\" height=\"530\" class=\"aligncenter size-full wp-image-18805\" srcset=\"https:\/\/yogakitchen.be\/fr\/wp-content\/uploads\/sites\/3\/2023\/10\/IMGP7165Tiger_AlevRc_1200_530.jpg 1200w, https:\/\/yogakitchen.be\/fr\/wp-content\/uploads\/sites\/3\/2023\/10\/IMGP7165Tiger_AlevRc_1200_530-300x133.jpg 300w, https:\/\/yogakitchen.be\/fr\/wp-content\/uploads\/sites\/3\/2023\/10\/IMGP7165Tiger_AlevRc_1200_530-768x339.jpg 768w, https:\/\/yogakitchen.be\/fr\/wp-content\/uploads\/sites\/3\/2023\/10\/IMGP7165Tiger_AlevRc_1200_530-1024x452.jpg 1024w\" sizes=\"auto, (max-width: 1200px) 100vw, 1200px\" \/><\/a><\/p>\n<h3>Comment le cours de yoga du dos est-il structur\u00e9 ?<\/h3>\n<p>L&rsquo;approche est tr\u00e8s individuelle.<br \/>\nLe d\u00e9roulement du cours est influenc\u00e9 par le niveau de bien-\u00eatre des diff\u00e9rents participants. Cela signifie que les participants re\u00e7oivent souvent <strong>une variante modifi\u00e9e d&rsquo;un exercice<\/strong> en fonction de l&rsquo;\u00e9tat de sant\u00e9 de leur dos.<br \/>\nLes cours de Yoga du dos sont g\u00e9n\u00e9ralement structur\u00e9s comme suit :<\/p>\n<ul>\n<li>Nous commen\u00e7ons par un moment o\u00f9 nous recherchons la pr\u00e9sence dans le moment pr\u00e9sent et la sensation physique de notre corps.<\/li>\n<li>Ensuite, nous activons alors la technique de respiration <strong>ujjayi<\/strong> avant de commencer la s\u00e9quence de postures.<\/li>\n<li>Puis, nous avan\u00e7ons avec quelques \u00e9chauffements.<\/li>\n<li>Ensuite, c&rsquo;est la s\u00e9quence de postures compos\u00e9e de postures couch\u00e9es, assises et debout.<\/li>\n<li>Il y a une attention particuli\u00e8re pour:\n<ul>\n<li>le maintien de la mobilit\u00e9 de la colonne vert\u00e9brale<\/li>\n<li>le renforcement des muscles dorsaux<\/li>\n<li>le renforcement des muscles abdominaux<\/li>\n<\/ul>\n<\/li>\n<li>Vers la fin du cours, il y a un moment de relaxation profonde, allong\u00e9 sur le dos ou dans une position de repos de votre choix.<\/li>\n<\/ul>\n<p>Un cours de yoga pour le dos dure<strong> une heure.<\/strong><\/p>\n<\/div>\n<\/div>\n<table>\n<tbody>\n<tr bgcolor=\"#O5C2DE\">\n<th scope=\"col\"><strong>Type de cours<\/strong><\/th>\n<th scope=\"col\">Dur\u00e9e<\/th>\n<th scope=\"col\">Yin\/Yang<\/th>\n<th scope=\"col\">Rythme<\/th>\n<th scope=\"col\">Effet<\/th>\n<\/tr>\n<tr>\n<td>Yoga du dos<\/td>\n<td>60 min<\/td>\n<td>Yin\/Yang<\/td>\n<td>Lent, dynamique, statique<\/td>\n<td>Neutre, renfor\u00e7ant<\/td>\n<\/tr>\n<\/tbody>\n<\/table>\n<h2>Vous cherchez un autre type de cours ?<\/h2>\n<p>D\u00e9couvrez nos autres cours de yoga ici :<\/p>\n<p style=\"text-align: left;\"><a class=\"yk-blue_btn\" title=\"Cours de yoga\" href=\"https:\/\/yogakitchen.be\/fr\/cours-de-yoga\/\">Consultez notre offre compl\u00e8te<\/a><\/p>\n","protected":false},"excerpt":{"rendered":"<p>Le Yoga du dos pour renforcer et gu\u00e9rir votre dos Avez-vous parfois des probl\u00e8mes de dos, un dos douloureux ou faible ? Pensez-vous que la qualit\u00e9 de votre vie s&rsquo;am\u00e9liorera si vous am\u00e9liorez la sant\u00e9 de votre dos ? Voulez-vous y travailler vous-m\u00eame ? Alors le Yoga du dos est exactement ce qu&rsquo;il vous faut. &hellip; <a href=\"https:\/\/yogakitchen.be\/fr\/cours-de-yoga\/yoga-du-dos\/\" class=\"more-link\">Continuer la lecture de <span class=\"screen-reader-text\">Yoga du dos<\/span> <span class=\"meta-nav\">&rarr;<\/span><\/a><\/p>\n","protected":false},"author":1,"featured_media":20785,"parent":31,"menu_order":0,"comment_status":"closed","ping_status":"closed","template":"","meta":{"footnotes":""},"class_list":["post-17247","page","type-page","status-publish","has-post-thumbnail","hentry"],"_links":{"self":[{"href":"https:\/\/yogakitchen.be\/fr\/wp-json\/wp\/v2\/pages\/17247","targetHints":{"allow":["GET"]}}],"collection":[{"href":"https:\/\/yogakitchen.be\/fr\/wp-json\/wp\/v2\/pages"}],"about":[{"href":"https:\/\/yogakitchen.be\/fr\/wp-json\/wp\/v2\/types\/page"}],"author":[{"embeddable":true,"href":"https:\/\/yogakitchen.be\/fr\/wp-json\/wp\/v2\/users\/1"}],"replies":[{"embeddable":true,"href":"https:\/\/yogakitchen.be\/fr\/wp-json\/wp\/v2\/comments?post=17247"}],"version-history":[{"count":9,"href":"https:\/\/yogakitchen.be\/fr\/wp-json\/wp\/v2\/pages\/17247\/revisions"}],"predecessor-version":[{"id":18806,"href":"https:\/\/yogakitchen.be\/fr\/wp-json\/wp\/v2\/pages\/17247\/revisions\/18806"}],"up":[{"embeddable":true,"href":"https:\/\/yogakitchen.be\/fr\/wp-json\/wp\/v2\/pages\/31"}],"wp:featuredmedia":[{"embeddable":true,"href":"https:\/\/yogakitchen.be\/fr\/wp-json\/wp\/v2\/media\/20785"}],"wp:attachment":[{"href":"https:\/\/yogakitchen.be\/fr\/wp-json\/wp\/v2\/media?parent=17247"}],"curies":[{"name":"wp","href":"https:\/\/api.w.org\/{rel}","templated":true}]}}